{"id":786,"date":"2023-08-08T10:13:05","date_gmt":"2023-08-08T08:13:05","guid":{"rendered":"https:\/\/escuelagallegadebienestar.es\/formacions-e-mindfulness-na-coruna\/opositores\/"},"modified":"2024-02-28T06:37:20","modified_gmt":"2024-02-28T05:37:20","slug":"opositores","status":"publish","type":"page","link":"https:\/\/escuelagallegadebienestar.es\/gl\/formacions-e-mindfulness-na-coruna\/opositores\/","title":{"rendered":"Opositores"},"content":{"rendered":"<section class=\"l-section wpb_row us_custom_7b16b104 height_auto full_height valign_center width_full with_img\"><div class=\"l-section-img\" role=\"img\" aria-label=\"Oposiciones - Escuela Gallega de Bienestar\" data-img-width=\"1900\" data-img-height=\"622\" style=\"background-image: url(https:\/\/escuelagallegadebienestar.es\/wp-content\/uploads\/2023\/08\/opositores-esgabi.jpg);background-position: bottom center;background-repeat: no-repeat;\"><\/div><div class=\"l-section-overlay\" style=\"background:rgba(0,32,86,0.65)\"><\/div><div class=\"l-section-h i-cf\"><div class=\"g-cols vc_row via_grid cols_1 laptops-cols_inherit tablets-cols_inherit mobiles-cols_1 valign_top type_default stacking_default\"><div class=\"wpb_column vc_column_container us_custom_492179a4\"><div class=\"vc_column-inner\"><div class=\"w-separator size_small\"><\/div><nav class=\"g-breadcrumbs us_custom_8b3d6790 has_text_color separator_icon align_center hide_current\" itemscope itemtype=\"http:\/\/schema.org\/BreadcrumbList\"><div class=\"g-breadcrumbs-item\" itemscope itemprop=\"itemListElement\" itemtype=\"http:\/\/schema.org\/ListItem\"><a itemprop=\"item\" href=\"https:\/\/escuelagallegadebienestar.es\/gl\/\"><span itemprop=\"name\">Inicio<\/span><\/a><meta itemprop=\"position\" content=\"1\"\/><\/div><div class=\"g-breadcrumbs-separator\"><i class=\"far fa-angle-right\"><\/i><\/div><div class=\"g-breadcrumbs-item\">P\u00e1xinas<\/div><\/nav><h1 class=\"w-text us_custom_08898346 has_text_color\"><span class=\"w-text-h\"><span class=\"w-text-value\">Opositores<\/span><\/span><\/h1><div class=\"w-separator size_small\"><\/div><\/div><\/div><\/div><\/div><\/section><section class=\"l-section wpb_row height_small\" id=\"mc\"><div class=\"l-section-h i-cf\"><div class=\"g-cols vc_row via_grid cols_1 laptops-cols_inherit tablets-cols_inherit mobiles-cols_1 valign_top type_default stacking_default\"><div class=\"wpb_column vc_column_container\"><div class=\"vc_column-inner\"><div class=\"w-separator size_small\"><\/div><h2 class=\"w-text us_custom_c314e366\"><span class=\"w-text-h\"><span class=\"w-text-value\">Mindfulness para opositores<\/span><\/span><\/h2><div class=\"w-image us_custom_b6603e35 has_height align_center\"><div class=\"w-image-h\"><img decoding=\"async\" width=\"300\" height=\"122\" src=\"https:\/\/escuelagallegadebienestar.es\/wp-content\/uploads\/2023\/07\/ESGABI-logo-color-300x122.png\" class=\"attachment-medium size-medium\" alt=\"\" loading=\"lazy\" srcset=\"https:\/\/escuelagallegadebienestar.es\/wp-content\/uploads\/2023\/07\/ESGABI-logo-color-300x122.png 300w, https:\/\/escuelagallegadebienestar.es\/wp-content\/uploads\/2023\/07\/ESGABI-logo-color.png 600w\" sizes=\"auto, (max-width: 300px) 100vw, 300px\" \/><\/div><\/div><div class=\"w-separator size_medium\"><\/div><div class=\"g-cols wpb_row via_grid cols_2 laptops-cols_inherit tablets-cols_inherit mobiles-cols_1 valign_top type_default stacking_default\" style=\"--columns-gap:3rem;\"><div class=\"wpb_column vc_column_container\"><div class=\"vc_column-inner\"><div class=\"wpb_text_column\"><div class=\"wpb_wrapper\"><p>Se est\u00e1s a preparar oposici\u00f3ns, sabemos que se trata dunha carreira de fondo que require constancia, perseveranza, unha boa planificaci\u00f3n e unha preparaci\u00f3n axeitada para que poidas acadar os resultados agardados. A\u00ednda as\u00ed, hai numerosos factores que poden condicionar ese resultado.<\/p>\n<p>O chamado &#8216;S\u00edndrome do Opositor&#8217;, tr\u00e1tase dunha combinaci\u00f3n entre ansiedade, en moitos casos acompa\u00f1ada de autoexixencia, frustraci\u00f3n ou incluso baixa autoestima, que pode producirse en calquera momento, es pode producir certos desordes, para os que existen soluci\u00f3ns.<\/p>\n<p><strong>Sup\u00e9rao_Opositores \u00a9 <\/strong>Son sesi\u00f3ns formativas baseadas na pr\u00e1ctica de Mindfulness e exercicios de introspecci\u00f3n que che axudar\u00e1n a serenar a t\u00faa mente, aumentar a t\u00faa concentraci\u00f3n e reducir o estr\u00e9s xerado pola carga de estudo, as\u00ed como xestionar a ansiedade previa \u00e1s probas selectivas e durante a s\u00faa execuci\u00f3n. Veremos como facer fronte ao sabotaxe mental e como eliminar eses bloqueos que che poden impedir alcanzar os resultados desexados.<\/p>\n<p>E como sabemos que, durante este proceso de preparaci\u00f3n, o tempo e a organizaci\u00f3n xogan un papel fundamental, ter\u00e1s a ocasi\u00f3n de realizar estas sesi\u00f3ns desde a comodidade da t\u00faa propia casa ou do teu lugar de estudo, <strong>en li\u00f1a<\/strong>, sen necesidade de invertir o teu tempo en desprazamentos.<\/p>\n<\/div><\/div><\/div><\/div><div class=\"wpb_column vc_column_container\"><div class=\"vc_column-inner\"><div class=\"w-image us_custom_9cf479d2 align_right\"><div class=\"w-image-h\"><img decoding=\"async\" width=\"800\" height=\"722\" src=\"https:\/\/escuelagallegadebienestar.es\/wp-content\/uploads\/2023\/08\/oposiciones.jpg\" class=\"attachment-full size-full\" alt=\"\" loading=\"lazy\" srcset=\"https:\/\/escuelagallegadebienestar.es\/wp-content\/uploads\/2023\/08\/oposiciones.jpg 800w, https:\/\/escuelagallegadebienestar.es\/wp-content\/uploads\/2023\/08\/oposiciones-600x542.jpg 600w, https:\/\/escuelagallegadebienestar.es\/wp-content\/uploads\/2023\/08\/oposiciones-300x271.jpg 300w\" sizes=\"auto, (max-width: 800px) 100vw, 800px\" \/><\/div><\/div><\/div><\/div><\/div><\/div><\/div><\/div><\/div><\/section><section class=\"l-section wpb_row height_medium\"><div class=\"l-section-h i-cf\"><div class=\"g-cols vc_row via_grid cols_1 laptops-cols_inherit tablets-cols_inherit mobiles-cols_1 valign_top type_default stacking_default\"><div class=\"wpb_column vc_column_container\"><div class=\"vc_column-inner\"><section class=\"l-section wpb_row us_custom_315b8835 height_medium\" id=\"reviews\"><div class=\"l-section-h i-cf\"><div class=\"g-cols vc_row via_grid cols_1 laptops-cols_inherit tablets-cols_inherit mobiles-cols_1 valign_top type_default stacking_default\"><div class=\"wpb_column vc_column_container us_custom_60e9caca us_animate_this\"><div class=\"vc_column-inner\"><h2 class=\"w-text us_custom_c314e366\"><span class=\"w-text-h\"><span class=\"w-text-value\">Testemu\u00f1os<\/span><\/span><\/h2><div class=\"w-image us_custom_b6603e35 has_height align_center\"><div class=\"w-image-h\"><img decoding=\"async\" width=\"300\" height=\"122\" src=\"https:\/\/escuelagallegadebienestar.es\/wp-content\/uploads\/2023\/07\/ESGABI-logo-color-300x122.png\" class=\"attachment-medium size-medium\" alt=\"\" loading=\"lazy\" srcset=\"https:\/\/escuelagallegadebienestar.es\/wp-content\/uploads\/2023\/07\/ESGABI-logo-color-300x122.png 300w, https:\/\/escuelagallegadebienestar.es\/wp-content\/uploads\/2023\/07\/ESGABI-logo-color.png 600w\" sizes=\"auto, (max-width: 300px) 100vw, 300px\" \/><\/div><\/div><div class=\"w-separator size_small\"><\/div><div class=\"wpb_text_column\"><div class=\"wpb_wrapper\"><p style=\"text-align: center;\">Testemu\u00f1os das nosas formaci\u00f3ns<\/p>\n<\/div><\/div><div class=\"w-separator size_medium\"><\/div><div class=\"w-grid us_carousel type_carousel layout_testimonial_6 preload_style_spinner items_3\" id=\"us_grid_1\" style=\"--items:3;--gap:1.5rem;\"><style>.layout_testimonial_6 .w-grid-item-h{}.layout_testimonial_6 .usg_hwrapper_1{padding-top:1.5rem!important;padding-right:2.5rem!important;padding-left:2.5rem!important}.layout_testimonial_6 .usg_post_image_1{width:4rem!important;margin-left:0!important;margin-right:1rem!important}.layout_testimonial_6 .usg_post_custom_field_1{font-weight:700!important;line-height:1.5!important;margin-bottom:0!important}.layout_testimonial_6 .usg_post_custom_field_2{color:var(--color-content-faded)!important;font-size:0.9rem!important;line-height:1.5!important}.layout_testimonial_6 .usg_vwrapper_2{color:var(--color-content-text)!important;border-radius:var(--site-border-radius)!important;background:var(--color-content-bg-alt)!important;padding:2rem 2.5rem 2rem 2.5rem!important}.layout_testimonial_6 .usg_post_custom_field_3{color:#fb0!important}<\/style><div class=\"w-grid-list owl-carousel valign_stretch dotstyle_circle navstyle_circle arrows-ver-pos_middle arrows-hor-pos_on_sides_outside arrows-disabled_hide owl-responsive-2000 with_arrows\" style=\"--transition-duration:350ms;--arrows-size:1.5rem;--arrows-hor-offset:calc(0px + 1.5rem);--arrows-gap:10px;\">\t<article class=\"w-grid-item post-923 us_testimonial type-us_testimonial status-publish hentry\" data-id=\"923\">\r\n\t\t<div class=\"w-grid-item-h\">\r\n\t\t\t\t\t\t<div class=\"w-vwrapper usg_vwrapper_2 grid_arrow_bottom has_text_color align_none valign_top\"><div class=\"w-post-elm post_content usg_post_content_1\"><p>Durante las sesiones he notado una considerable mejorar\u00eda en cuanto al aumento de la atenci\u00f3n que me permite salir de la divagaci\u00f3n, siendo m\u00e1s consciente de mi respiraci\u00f3n y de mis pensamientos (como observador), adem\u00e1s ha aumentado mi capacidad para desligarme de mi voz interior negativa y reconocer patrones emocionales en situaciones dif\u00edciles o inc\u00f3modas, lo que favorece mi d\u00eda a d\u00eda, consciente a la vez de que hay aspectos en los que puedo seguir profundizando.<\/p>\n<\/div><\/div><div class=\"w-hwrapper usg_hwrapper_1 align_none valign_middle\"><div class=\"w-vwrapper usg_vwrapper_1 align_none valign_top\"><div class=\"w-post-elm post_custom_field usg_post_custom_field_1 type_text us_testimonial_author\"><span class=\"w-post-elm-value\">Testemu\u00f1o Sesi\u00f3ns MBE (Jos\u00e9 L. G.)<\/span><\/div><div class=\"w-post-elm post_custom_field usg_post_custom_field_2 has_text_color type_text us_testimonial_role color_link_inherit\"><span class=\"w-post-elm-value\"><\/span><\/div><\/div><\/div>\t\t<\/div>\r\n\t\t\t<\/article>\r\n\t<article class=\"w-grid-item post-921 us_testimonial type-us_testimonial status-publish hentry\" data-id=\"921\">\r\n\t\t<div class=\"w-grid-item-h\">\r\n\t\t\t\t\t\t<div class=\"w-vwrapper usg_vwrapper_2 grid_arrow_bottom has_text_color align_none valign_top\"><div class=\"w-post-elm post_content usg_post_content_1\"><p>El esc\u00e1ner corporal desde los pies hasta la cabeza, la verdad es una delicia. Sentir por partes todo tu cuerpo desde los dedos de los pies hasta la cabeza es muy gratificante. Bea gracias por este curso que nos est\u00e1s dando y que aprendemos d\u00eda a d\u00eda cosas que hasta ahora desconoc\u00eda y que le despierta a uno interiormente las cosas que tenemos y no le damos importancia hasta que se descubre uno mismo en el interior. Muchas gracias de coraz\u00f3n<\/p>\n<\/div><\/div><div class=\"w-hwrapper usg_hwrapper_1 align_none valign_middle\"><div class=\"w-vwrapper usg_vwrapper_1 align_none valign_top\"><div class=\"w-post-elm post_custom_field usg_post_custom_field_1 type_text us_testimonial_author\"><span class=\"w-post-elm-value\">Testemu\u00f1o Reto AMC (Segundo G. A.)<\/span><\/div><div class=\"w-post-elm post_custom_field usg_post_custom_field_2 has_text_color type_text us_testimonial_role color_link_inherit\"><span class=\"w-post-elm-value\"><\/span><\/div><\/div><\/div>\t\t<\/div>\r\n\t\t\t<\/article>\r\n\t<article class=\"w-grid-item post-842 us_testimonial type-us_testimonial status-publish hentry\" data-id=\"842\">\r\n\t\t<div class=\"w-grid-item-h\">\r\n\t\t\t\t\t\t<div class=\"w-vwrapper usg_vwrapper_2 grid_arrow_bottom has_text_color align_none valign_top\"><div class=\"w-post-elm post_content usg_post_content_1\"><p>Ahora soy m\u00e1s consciente de cuidar mi cuerpo. Lo que m\u00e1s me ha gustado es tener la oportunidad de transmitir al grupo formas de pensar, sentir, etc. y el respeto del grupo.<\/p>\n<\/div><\/div><div class=\"w-hwrapper usg_hwrapper_1 align_none valign_middle\"><div class=\"w-vwrapper usg_vwrapper_1 align_none valign_top\"><div class=\"w-post-elm post_custom_field usg_post_custom_field_1 type_text us_testimonial_author\"><span class=\"w-post-elm-value\">Julia G. (En Forma MC\u00ae)<\/span><\/div><div class=\"w-post-elm post_custom_field usg_post_custom_field_2 has_text_color type_text us_testimonial_role color_link_inherit\"><span class=\"w-post-elm-value\"><\/span><\/div><\/div><\/div>\t\t<\/div>\r\n\t\t\t<\/article>\r\n\t<article class=\"w-grid-item post-843 us_testimonial type-us_testimonial status-publish hentry\" data-id=\"843\">\r\n\t\t<div class=\"w-grid-item-h\">\r\n\t\t\t\t\t\t<div class=\"w-vwrapper usg_vwrapper_2 grid_arrow_bottom has_text_color align_none valign_top\"><div class=\"w-post-elm post_content usg_post_content_1\"><p>Lo que m\u00e1s me ha gustado del programa son las ense\u00f1anzas y aprendizajes muy f\u00e1ciles de entender por la forma de explicar de Bea y lo que menos que se me hizo corto el tiempo, y deseando repetir y tener m\u00e1s conocimientos.<\/p>\n<\/div><\/div><div class=\"w-hwrapper usg_hwrapper_1 align_none valign_middle\"><div class=\"w-vwrapper usg_vwrapper_1 align_none valign_top\"><div class=\"w-post-elm post_custom_field usg_post_custom_field_1 type_text us_testimonial_author\"><span class=\"w-post-elm-value\">Mari Carmen P. (En Forma MC\u00ae)<\/span><\/div><div class=\"w-post-elm post_custom_field usg_post_custom_field_2 has_text_color type_text us_testimonial_role color_link_inherit\"><span class=\"w-post-elm-value\"><\/span><\/div><\/div><\/div>\t\t<\/div>\r\n\t\t\t<\/article>\r\n\t<article class=\"w-grid-item post-844 us_testimonial type-us_testimonial status-publish hentry\" data-id=\"844\">\r\n\t\t<div class=\"w-grid-item-h\">\r\n\t\t\t\t\t\t<div class=\"w-vwrapper usg_vwrapper_2 grid_arrow_bottom has_text_color align_none valign_top\"><div class=\"w-post-elm post_content usg_post_content_1\"><p>La implicaci\u00f3n de la ponente se transmite, sabe ganar la confianza del grupo y contribuye a visualizar lo que expone. Un seguimiento anual contribuir\u00eda a que se apliquen los conocimientos en las relaciones con el p\u00fablico.<\/p>\n<\/div><\/div><div class=\"w-hwrapper usg_hwrapper_1 align_none valign_middle\"><div class=\"w-vwrapper usg_vwrapper_1 align_none valign_top\"><div class=\"w-post-elm post_custom_field usg_post_custom_field_1 type_text us_testimonial_author\"><span class=\"w-post-elm-value\">Fuente confidencial (MRCAP\u00ae)<\/span><\/div><div class=\"w-post-elm post_custom_field usg_post_custom_field_2 has_text_color type_text us_testimonial_role color_link_inherit\"><span class=\"w-post-elm-value\"><\/span><\/div><\/div><\/div>\t\t<\/div>\r\n\t\t\t<\/article>\r\n\t<article class=\"w-grid-item post-845 us_testimonial type-us_testimonial status-publish hentry\" data-id=\"845\">\r\n\t\t<div class=\"w-grid-item-h\">\r\n\t\t\t\t\t\t<div class=\"w-vwrapper usg_vwrapper_2 grid_arrow_bottom has_text_color align_none valign_top\"><div class=\"w-post-elm post_content usg_post_content_1\"><p>Durante las sesiones he notado una considerable mejorar\u00eda en cuanto al aumento de la atenci\u00f3n que me permite salir de la divagaci\u00f3n, siendo m\u00e1s consciente de mi respiraci\u00f3n y de mis pensamientos (como observador), adem\u00e1s ha aumentado mi capacidad para desligarme de mi voz interior negativa y reconocer patrones emocionales en situaciones dif\u00edciles o inc\u00f3modas, lo que favorece mi d\u00eda a d\u00eda, consciente a la vez de que hay aspectos en los que puedo seguir profundizando.<\/p>\n<\/div><\/div><div class=\"w-hwrapper usg_hwrapper_1 align_none valign_middle\"><div class=\"w-vwrapper usg_vwrapper_1 align_none valign_top\"><div class=\"w-post-elm post_custom_field usg_post_custom_field_1 type_text us_testimonial_author\"><span class=\"w-post-elm-value\">Segundo G. A. (Reto AMC)<\/span><\/div><div class=\"w-post-elm post_custom_field usg_post_custom_field_2 has_text_color type_text us_testimonial_role color_link_inherit\"><span class=\"w-post-elm-value\"><\/span><\/div><\/div><\/div>\t\t<\/div>\r\n\t\t\t<\/article>\r\n<\/div><div class=\"w-grid-carousel-json hidden\" onclick='return {&quot;carousel_settings&quot;:{&quot;aria_labels&quot;:{&quot;prev&quot;:&quot;Previo&quot;,&quot;next&quot;:&quot;Seguinte&quot;},&quot;autoplayContinual&quot;:false,&quot;autoplayHoverPause&quot;:false,&quot;autoplayTimeout&quot;:3000,&quot;autoWidth&quot;:false,&quot;smartSpeed&quot;:350,&quot;margin&quot;:0,&quot;mouseDrag&quot;:true,&quot;rtl&quot;:false,&quot;slideBy&quot;:&quot;1&quot;,&quot;touchDrag&quot;:true,&quot;slideTransition&quot;:&quot;&quot;,&quot;responsive&quot;:{&quot;0&quot;:{&quot;autoHeight&quot;:false,&quot;autoplay&quot;:true,&quot;autoWidth&quot;:false,&quot;center&quot;:false,&quot;dots&quot;:false,&quot;items&quot;:1,&quot;loop&quot;:true,&quot;nav&quot;:false,&quot;stagePadding&quot;:0,&quot;slideBy&quot;:&quot;1&quot;},&quot;601&quot;:{&quot;autoHeight&quot;:false,&quot;autoplay&quot;:true,&quot;autoWidth&quot;:false,&quot;center&quot;:false,&quot;dots&quot;:false,&quot;items&quot;:2,&quot;loop&quot;:true,&quot;nav&quot;:true,&quot;stagePadding&quot;:0,&quot;slideBy&quot;:&quot;1&quot;},&quot;1025&quot;:{&quot;autoHeight&quot;:false,&quot;autoplay&quot;:true,&quot;autoWidth&quot;:false,&quot;center&quot;:false,&quot;dots&quot;:false,&quot;items&quot;:3,&quot;loop&quot;:true,&quot;nav&quot;:true,&quot;stagePadding&quot;:0,&quot;slideBy&quot;:&quot;1&quot;},&quot;1381&quot;:{&quot;items&quot;:3,&quot;autoplay&quot;:false,&quot;center&quot;:false,&quot;dots&quot;:false,&quot;nav&quot;:true,&quot;autoHeight&quot;:false,&quot;autoWidth&quot;:false,&quot;loop&quot;:true,&quot;stagePadding&quot;:0}}}}'><\/div><\/div><\/div><\/div><\/div><\/div><\/section>\n<\/div><\/div><\/div><\/div><\/section><section class=\"l-section wpb_row height_medium\"><div class=\"l-section-h i-cf\"><div class=\"g-cols vc_row via_grid cols_1 laptops-cols_inherit tablets-cols_inherit mobiles-cols_1 valign_top type_default stacking_default\"><div class=\"wpb_column vc_column_container\"><div class=\"vc_column-inner\"><section class=\"l-section wpb_row us_custom_b6a72ce1 height_medium\"><div class=\"l-section-h i-cf\"><div class=\"g-cols vc_row via_grid cols_1 laptops-cols_inherit tablets-cols_inherit mobiles-cols_1 valign_top type_default stacking_default\"><div class=\"wpb_column vc_column_container\"><div class=\"vc_column-inner\"><div class=\"g-cols wpb_row us_custom_616f6e95 via_grid cols_2 laptops-cols_inherit tablets-cols_inherit mobiles-cols_1 valign_middle type_default stacking_default\" style=\"--columns-gap:2rem;\"><div class=\"wpb_column vc_column_container\"><div class=\"vc_column-inner\"><div class=\"w-image us_custom_9cf479d2 align_center\"><div class=\"w-image-h\"><img decoding=\"async\" width=\"500\" height=\"679\" src=\"https:\/\/escuelagallegadebienestar.es\/wp-content\/uploads\/2023\/08\/atencion-publico-formulario-e1692093280997.jpg\" class=\"attachment-full size-full\" alt=\"\" loading=\"lazy\" srcset=\"https:\/\/escuelagallegadebienestar.es\/wp-content\/uploads\/2023\/08\/atencion-publico-formulario-e1692093280997.jpg 500w, https:\/\/escuelagallegadebienestar.es\/wp-content\/uploads\/2023\/08\/atencion-publico-formulario-e1692093280997-221x300.jpg 221w\" sizes=\"auto, (max-width: 500px) 100vw, 500px\" \/><\/div><\/div><\/div><\/div><div class=\"wpb_column vc_column_container\"><div class=\"vc_column-inner\"><h3 class=\"w-text us_custom_f4e7fa1c\"><span class=\"w-text-h\"><span class=\"w-text-value\">Inf\u00f3rmate sen compromiso<\/span><\/span><\/h3><div class=\"wpb_text_column\"><div class=\"wpb_wrapper\"><p>Escr\u00edbenos para resolver as t\u00faas d\u00fabidas. Adem\u00e1is, podes solicitar unha <strong>sesi\u00f3n gratuita de Mindfulness<\/strong> e achegar\u00e9moste toda la informaci\u00f3n para que poidas participar e co\u00f1ecernos.<\/p>\n<\/div><\/div>\n<div class=\"wpcf7 no-js\" id=\"wpcf7-f8-o1\" lang=\"es-ES\" dir=\"ltr\" data-wpcf7-id=\"8\">\n<div class=\"screen-reader-response\"><p role=\"status\" aria-live=\"polite\" aria-atomic=\"true\"><\/p> <ul><\/ul><\/div>\n<form action=\"\/gl\/wp-json\/wp\/v2\/pages\/786#wpcf7-f8-o1\" method=\"post\" class=\"wpcf7-form init\" aria-label=\"Formulario de contacto\" novalidate=\"novalidate\" data-status=\"init\">\n<fieldset class=\"hidden-fields-container\"><input type=\"hidden\" name=\"_wpcf7\" value=\"8\" \/><input type=\"hidden\" name=\"_wpcf7_version\" value=\"6.1.5\" \/><input type=\"hidden\" name=\"_wpcf7_locale\" value=\"es_ES\" \/><input type=\"hidden\" name=\"_wpcf7_unit_tag\" value=\"wpcf7-f8-o1\" \/><input type=\"hidden\" name=\"_wpcf7_container_post\" value=\"0\" \/><input type=\"hidden\" name=\"_wpcf7_posted_data_hash\" value=\"\" \/><input type=\"hidden\" name=\"_wpcf7_recaptcha_response\" value=\"\" \/>\n<\/fieldset>\n<p><label><span class=\"wpcf7-form-control-wrap\" data-name=\"your-name\"><input size=\"40\" maxlength=\"400\" class=\"wpcf7-form-control wpcf7-text wpcf7-validates-as-required\" aria-required=\"true\" aria-invalid=\"false\" placeholder=\"Tu nombre\" value=\"\" type=\"text\" name=\"your-name\" \/><\/span> <\/label><br \/>\n<label><span class=\"wpcf7-form-control-wrap\" data-name=\"your-email\"><input size=\"40\" maxlength=\"400\" class=\"wpcf7-form-control wpcf7-email wpcf7-validates-as-required wpcf7-text wpcf7-validates-as-email\" aria-required=\"true\" aria-invalid=\"false\" placeholder=\"Tu email\" value=\"\" type=\"email\" name=\"your-email\" \/><\/span> <\/label><br \/>\n<label><span class=\"wpcf7-form-control-wrap\" data-name=\"your-message\"><textarea cols=\"40\" rows=\"10\" maxlength=\"2000\" class=\"wpcf7-form-control wpcf7-textarea wpcf7-validates-as-required\" aria-required=\"true\" aria-invalid=\"false\" placeholder=\"Mensaje\" name=\"your-message\"><\/textarea><\/span> <\/label>\n<\/p>\n<p><br \/>\n<span class=\"wpcf7-form-control-wrap\" data-name=\"acceptance-121\"><span class=\"wpcf7-form-control wpcf7-acceptance\"><span class=\"wpcf7-list-item\"><input type=\"checkbox\" name=\"acceptance-121\" value=\"1\" aria-invalid=\"false\" \/><\/span><\/span><\/span><label>He le\u00eddo y acepto la <a href=\"https:\/\/escuelagallegadebienestar.es\/politica-de-privacidad\/\" target=\"_blank\">pol\u00edtica de privacidad<\/a> y <a href=\"https:\/\/escuelagallegadebienestar.es\/aviso-legal\/\" target=\"_blank\">aviso legal<\/a>.<\/label>\n<\/p>\n<p><input class=\"wpcf7-form-control wpcf7-submit has-spinner\" type=\"submit\" value=\"Enviar\" \/>\n<\/p><div class=\"wpcf7-response-output\" aria-hidden=\"true\"><\/div>\n<\/form>\n<\/div>\n<\/div><\/div><\/div><\/div><\/div><\/div><\/div><\/section>\n<\/div><\/div><\/div><\/div><\/section>\n","protected":false},"excerpt":{"rendered":"Durante las sesiones he notado una considerable mejorar\u00eda en cuanto al aumento de la atenci\u00f3n que me permite salir de la divagaci\u00f3n, siendo m\u00e1s consciente de mi respiraci\u00f3n y de mis pensamientos (como observador), adem\u00e1s ha aumentado mi capacidad para desligarme de mi voz interior negativa y reconocer patrones emocionales en situaciones dif\u00edciles o inc\u00f3modas,...","protected":false},"author":1,"featured_media":0,"parent":783,"menu_order":0,"comment_status":"closed","ping_status":"closed","template":"","meta":{"footnotes":""},"class_list":["post-786","page","type-page","status-publish","hentry"],"yoast_head":"<!-- This site is optimized with the Yoast SEO plugin v27.4 - https:\/\/yoast.com\/product\/yoast-seo-wordpress\/ -->\n<title>Opositores - Escuela Gallega de Bienestar<\/title>\n<meta name=\"description\" content=\"Mindfulness para opositores, para facer frente ao s\u00edndrome do opositor a trav\u00e9s da xesti\u00f3n do pensamiento.\" \/>\n<meta name=\"robots\" content=\"index, follow, max-snippet:-1, max-image-preview:large, max-video-preview:-1\" \/>\n<link rel=\"canonical\" href=\"https:\/\/escuelagallegadebienestar.es\/gl\/formacions-e-mindfulness-na-coruna\/opositores\/\" \/>\n<meta property=\"og:locale\" content=\"gl_ES\" \/>\n<meta property=\"og:type\" content=\"article\" \/>\n<meta property=\"og:title\" content=\"Opositores - Escuela Gallega de Bienestar\" \/>\n<meta property=\"og:description\" content=\"Mindfulness para opositores, para facer frente ao s\u00edndrome do opositor a trav\u00e9s da xesti\u00f3n do pensamiento.\" \/>\n<meta property=\"og:url\" content=\"https:\/\/escuelagallegadebienestar.es\/gl\/formacions-e-mindfulness-na-coruna\/opositores\/\" \/>\n<meta property=\"og:site_name\" content=\"Escuela Gallega de Bienestar\" \/>\n<meta property=\"article:modified_time\" content=\"2024-02-28T05:37:20+00:00\" \/>\n<meta name=\"twitter:card\" content=\"summary_large_image\" \/>\n<meta name=\"twitter:label1\" content=\"Tempo de lectura\" \/>\n\t<meta name=\"twitter:data1\" content=\"2 minutos\" \/>\n<script type=\"application\/ld+json\" class=\"yoast-schema-graph\">{\"@context\":\"https:\\\/\\\/schema.org\",\"@graph\":[{\"@type\":\"WebPage\",\"@id\":\"https:\\\/\\\/escuelagallegadebienestar.es\\\/gl\\\/formacions-e-mindfulness-na-coruna\\\/opositores\\\/\",\"url\":\"https:\\\/\\\/escuelagallegadebienestar.es\\\/gl\\\/formacions-e-mindfulness-na-coruna\\\/opositores\\\/\",\"name\":\"Opositores - Escuela Gallega de Bienestar\",\"isPartOf\":{\"@id\":\"https:\\\/\\\/escuelagallegadebien-413541.hostingersite.com\\\/#website\"},\"datePublished\":\"2023-08-08T08:13:05+00:00\",\"dateModified\":\"2024-02-28T05:37:20+00:00\",\"description\":\"Mindfulness para opositores, para facer frente ao s\u00edndrome do opositor a trav\u00e9s da xesti\u00f3n do pensamiento.\",\"breadcrumb\":{\"@id\":\"https:\\\/\\\/escuelagallegadebienestar.es\\\/gl\\\/formacions-e-mindfulness-na-coruna\\\/opositores\\\/#breadcrumb\"},\"inLanguage\":\"gl-ES\",\"potentialAction\":[{\"@type\":\"ReadAction\",\"target\":[\"https:\\\/\\\/escuelagallegadebienestar.es\\\/gl\\\/formacions-e-mindfulness-na-coruna\\\/opositores\\\/\"]}]},{\"@type\":\"BreadcrumbList\",\"@id\":\"https:\\\/\\\/escuelagallegadebienestar.es\\\/gl\\\/formacions-e-mindfulness-na-coruna\\\/opositores\\\/#breadcrumb\",\"itemListElement\":[{\"@type\":\"ListItem\",\"position\":1,\"name\":\"Portada\",\"item\":\"https:\\\/\\\/escuelagallegadebien-413541.hostingersite.com\\\/inicio\\\/\"},{\"@type\":\"ListItem\",\"position\":2,\"name\":\"Formaci\u00f3ns e Mindfulness na Coru\u00f1a\",\"item\":\"https:\\\/\\\/escuelagallegadebien-413541.hostingersite.com\\\/formacions-e-mindfulness-na-coruna\\\/\"},{\"@type\":\"ListItem\",\"position\":3,\"name\":\"Opositores\"}]},{\"@type\":\"WebSite\",\"@id\":\"https:\\\/\\\/escuelagallegadebien-413541.hostingersite.com\\\/#website\",\"url\":\"https:\\\/\\\/escuelagallegadebien-413541.hostingersite.com\\\/\",\"name\":\"Escuela Gallega de Bienestar\",\"description\":\"Formaci\u00f3n para mellorar a calidade de vida e o benestar das persoas\",\"publisher\":{\"@id\":\"https:\\\/\\\/escuelagallegadebien-413541.hostingersite.com\\\/#organization\"},\"potentialAction\":[{\"@type\":\"SearchAction\",\"target\":{\"@type\":\"EntryPoint\",\"urlTemplate\":\"https:\\\/\\\/escuelagallegadebien-413541.hostingersite.com\\\/?s={search_term_string}\"},\"query-input\":{\"@type\":\"PropertyValueSpecification\",\"valueRequired\":true,\"valueName\":\"search_term_string\"}}],\"inLanguage\":\"gl-ES\"},{\"@type\":\"Organization\",\"@id\":\"https:\\\/\\\/escuelagallegadebien-413541.hostingersite.com\\\/#organization\",\"name\":\"Escuela Gallega de Bienestar\",\"url\":\"https:\\\/\\\/escuelagallegadebien-413541.hostingersite.com\\\/\",\"logo\":{\"@type\":\"ImageObject\",\"inLanguage\":\"gl-ES\",\"@id\":\"https:\\\/\\\/escuelagallegadebien-413541.hostingersite.com\\\/#\\\/schema\\\/logo\\\/image\\\/\",\"url\":\"https:\\\/\\\/escuelagallegadebienestar.es\\\/wp-content\\\/uploads\\\/2023\\\/06\\\/logo.jpg\",\"contentUrl\":\"https:\\\/\\\/escuelagallegadebienestar.es\\\/wp-content\\\/uploads\\\/2023\\\/06\\\/logo.jpg\",\"width\":404,\"height\":66,\"caption\":\"Escuela Gallega de Bienestar\"},\"image\":{\"@id\":\"https:\\\/\\\/escuelagallegadebien-413541.hostingersite.com\\\/#\\\/schema\\\/logo\\\/image\\\/\"}}]}<\/script>\n<!-- \/ Yoast SEO plugin. -->","yoast_head_json":{"title":"Opositores - Escuela Gallega de Bienestar","description":"Mindfulness para opositores, para facer frente ao s\u00edndrome do opositor a trav\u00e9s da xesti\u00f3n do pensamiento.","robots":{"index":"index","follow":"follow","max-snippet":"max-snippet:-1","max-image-preview":"max-image-preview:large","max-video-preview":"max-video-preview:-1"},"canonical":"https:\/\/escuelagallegadebienestar.es\/gl\/formacions-e-mindfulness-na-coruna\/opositores\/","og_locale":"gl_ES","og_type":"article","og_title":"Opositores - Escuela Gallega de Bienestar","og_description":"Mindfulness para opositores, para facer frente ao s\u00edndrome do opositor a trav\u00e9s da xesti\u00f3n do pensamiento.","og_url":"https:\/\/escuelagallegadebienestar.es\/gl\/formacions-e-mindfulness-na-coruna\/opositores\/","og_site_name":"Escuela Gallega de Bienestar","article_modified_time":"2024-02-28T05:37:20+00:00","twitter_card":"summary_large_image","twitter_misc":{"Tempo de lectura":"2 minutos"},"schema":{"@context":"https:\/\/schema.org","@graph":[{"@type":"WebPage","@id":"https:\/\/escuelagallegadebienestar.es\/gl\/formacions-e-mindfulness-na-coruna\/opositores\/","url":"https:\/\/escuelagallegadebienestar.es\/gl\/formacions-e-mindfulness-na-coruna\/opositores\/","name":"Opositores - Escuela Gallega de Bienestar","isPartOf":{"@id":"https:\/\/escuelagallegadebien-413541.hostingersite.com\/#website"},"datePublished":"2023-08-08T08:13:05+00:00","dateModified":"2024-02-28T05:37:20+00:00","description":"Mindfulness para opositores, para facer frente ao s\u00edndrome do opositor a trav\u00e9s da xesti\u00f3n do pensamiento.","breadcrumb":{"@id":"https:\/\/escuelagallegadebienestar.es\/gl\/formacions-e-mindfulness-na-coruna\/opositores\/#breadcrumb"},"inLanguage":"gl-ES","potentialAction":[{"@type":"ReadAction","target":["https:\/\/escuelagallegadebienestar.es\/gl\/formacions-e-mindfulness-na-coruna\/opositores\/"]}]},{"@type":"BreadcrumbList","@id":"https:\/\/escuelagallegadebienestar.es\/gl\/formacions-e-mindfulness-na-coruna\/opositores\/#breadcrumb","itemListElement":[{"@type":"ListItem","position":1,"name":"Portada","item":"https:\/\/escuelagallegadebien-413541.hostingersite.com\/inicio\/"},{"@type":"ListItem","position":2,"name":"Formaci\u00f3ns e Mindfulness na Coru\u00f1a","item":"https:\/\/escuelagallegadebien-413541.hostingersite.com\/formacions-e-mindfulness-na-coruna\/"},{"@type":"ListItem","position":3,"name":"Opositores"}]},{"@type":"WebSite","@id":"https:\/\/escuelagallegadebien-413541.hostingersite.com\/#website","url":"https:\/\/escuelagallegadebien-413541.hostingersite.com\/","name":"Escuela Gallega de Bienestar","description":"Formaci\u00f3n para mellorar a calidade de vida e o benestar das persoas","publisher":{"@id":"https:\/\/escuelagallegadebien-413541.hostingersite.com\/#organization"},"potentialAction":[{"@type":"SearchAction","target":{"@type":"EntryPoint","urlTemplate":"https:\/\/escuelagallegadebien-413541.hostingersite.com\/?s={search_term_string}"},"query-input":{"@type":"PropertyValueSpecification","valueRequired":true,"valueName":"search_term_string"}}],"inLanguage":"gl-ES"},{"@type":"Organization","@id":"https:\/\/escuelagallegadebien-413541.hostingersite.com\/#organization","name":"Escuela Gallega de Bienestar","url":"https:\/\/escuelagallegadebien-413541.hostingersite.com\/","logo":{"@type":"ImageObject","inLanguage":"gl-ES","@id":"https:\/\/escuelagallegadebien-413541.hostingersite.com\/#\/schema\/logo\/image\/","url":"https:\/\/escuelagallegadebienestar.es\/wp-content\/uploads\/2023\/06\/logo.jpg","contentUrl":"https:\/\/escuelagallegadebienestar.es\/wp-content\/uploads\/2023\/06\/logo.jpg","width":404,"height":66,"caption":"Escuela Gallega de Bienestar"},"image":{"@id":"https:\/\/escuelagallegadebien-413541.hostingersite.com\/#\/schema\/logo\/image\/"}}]}},"_links":{"self":[{"href":"https:\/\/escuelagallegadebienestar.es\/gl\/wp-json\/wp\/v2\/pages\/786","targetHints":{"allow":["GET"]}}],"collection":[{"href":"https:\/\/escuelagallegadebienestar.es\/gl\/wp-json\/wp\/v2\/pages"}],"about":[{"href":"https:\/\/escuelagallegadebienestar.es\/gl\/wp-json\/wp\/v2\/types\/page"}],"author":[{"embeddable":true,"href":"https:\/\/escuelagallegadebienestar.es\/gl\/wp-json\/wp\/v2\/users\/1"}],"replies":[{"embeddable":true,"href":"https:\/\/escuelagallegadebienestar.es\/gl\/wp-json\/wp\/v2\/comments?post=786"}],"version-history":[{"count":4,"href":"https:\/\/escuelagallegadebienestar.es\/gl\/wp-json\/wp\/v2\/pages\/786\/revisions"}],"predecessor-version":[{"id":1223,"href":"https:\/\/escuelagallegadebienestar.es\/gl\/wp-json\/wp\/v2\/pages\/786\/revisions\/1223"}],"up":[{"embeddable":true,"href":"https:\/\/escuelagallegadebienestar.es\/gl\/wp-json\/wp\/v2\/pages\/783"}],"wp:attachment":[{"href":"https:\/\/escuelagallegadebienestar.es\/gl\/wp-json\/wp\/v2\/media?parent=786"}],"curies":[{"name":"wp","href":"https:\/\/api.w.org\/{rel}","templated":true}]}}